{"id":1740,"date":"2026-03-12T17:36:39","date_gmt":"2026-03-12T17:36:39","guid":{"rendered":"https:\/\/www.accs.pt\/accs\/?page_id=1740"},"modified":"2026-03-21T17:49:09","modified_gmt":"2026-03-21T17:49:09","slug":"rali-de-santana-2026","status":"publish","type":"page","link":"https:\/\/www.accs.pt\/accs\/rali-de-santana-2026\/","title":{"rendered":"Rali de Santana 2026"},"content":{"rendered":"<div class=\"wp-block-image\">\n<figure class=\"aligncenter size-full is-resized\"><img loading=\"lazy\" decoding=\"async\" width=\"952\" height=\"527\" src=\"https:\/\/www.accs.pt\/accs\/wp-content\/uploads\/2026\/03\/LOGO_RALI_santana_SEMFUNDO_v0.2_.png\" alt=\"\" class=\"wp-image-1741\" style=\"width:591px;height:auto\" srcset=\"https:\/\/www.accs.pt\/accs\/wp-content\/uploads\/2026\/03\/LOGO_RALI_santana_SEMFUNDO_v0.2_.png 952w, https:\/\/www.accs.pt\/accs\/wp-content\/uploads\/2026\/03\/LOGO_RALI_santana_SEMFUNDO_v0.2_-300x166.png 300w, https:\/\/www.accs.pt\/accs\/wp-content\/uploads\/2026\/03\/LOGO_RALI_santana_SEMFUNDO_v0.2_-768x425.png 768w\" sizes=\"auto, (max-width: 952px) 100vw, 952px\" \/><\/figure>\n<\/div>\n\n\n<figure class=\"wp-block-image size-large\"><img loading=\"lazy\" decoding=\"async\" width=\"724\" height=\"1024\" src=\"https:\/\/www.accs.pt\/accs\/wp-content\/uploads\/2026\/03\/1000100738-724x1024.jpg\" alt=\"\" class=\"wp-image-1749\" srcset=\"https:\/\/www.accs.pt\/accs\/wp-content\/uploads\/2026\/03\/1000100738-724x1024.jpg 724w, https:\/\/www.accs.pt\/accs\/wp-content\/uploads\/2026\/03\/1000100738-212x300.jpg 212w, https:\/\/www.accs.pt\/accs\/wp-content\/uploads\/2026\/03\/1000100738-768x1087.jpg 768w, https:\/\/www.accs.pt\/accs\/wp-content\/uploads\/2026\/03\/1000100738-1085x1536.jpg 1085w, https:\/\/www.accs.pt\/accs\/wp-content\/uploads\/2026\/03\/1000100738.jpg 1447w\" sizes=\"auto, (max-width: 724px) 100vw, 724px\" \/><\/figure>\n\n\n\n<p>Aqui poder\u00e1 encontrar toda a documenta\u00e7\u00e3o oficial da prova que vai para a a estrada nos dias 10 e 11 de Abril.<\/p>\n\n\n\n<p>Em alternativa pode consultar o site da FPAK em <a href=\"https:\/\/www.fpak.pt\/calendario\/2026-04-10-rali-de-santana\">https:\/\/www.fpak.pt\/calendario\/2026-04-10-rali-de-santana<\/a> ou usar a app SPORTITY.<\/p>\n\n\n\n<p>Regulamento particular do Rali de Santana 2026<\/p>\n\n\n\n<div data-wp-interactive=\"core\/file\" class=\"wp-block-file aligncenter\"><object data-wp-bind--hidden=\"!state.hasPdfPreview\" hidden class=\"wp-block-file__embed\" data=\"https:\/\/www.accs.pt\/accs\/wp-content\/uploads\/2026\/03\/Regulamento-Rali-Santana-2026_Aprovado_2026-02-27T18h22m32.pdf\" type=\"application\/pdf\" style=\"width:100%;height:600px\" aria-label=\"Incorpora\u00e7\u00e3o de Regulamento Rali Santana 2026_Aprovado_2026-02-27T18h22m32.\"><\/object><a id=\"wp-block-file--media-b6ace862-e5c9-490a-b670-23950ac3b371\" href=\"https:\/\/www.accs.pt\/accs\/wp-content\/uploads\/2026\/03\/Regulamento-Rali-Santana-2026_Aprovado_2026-02-27T18h22m32.pdf\">Regulamento Rali Santana 2026_Aprovado_2026-02-27T18h22m32<\/a><a href=\"https:\/\/www.accs.pt\/accs\/wp-content\/uploads\/2026\/03\/Regulamento-Rali-Santana-2026_Aprovado_2026-02-27T18h22m32.pdf\" class=\"wp-block-file__button wp-element-button\" download aria-describedby=\"wp-block-file--media-b6ace862-e5c9-490a-b670-23950ac3b371\">Descarregar<\/a><\/div>\n\n\n\n<p><\/p>\n\n\n\n<p>Mapa de Controlos:<\/p>\n\n\n\n<div data-wp-interactive=\"core\/file\" class=\"wp-block-file aligncenter\"><object data-wp-bind--hidden=\"!state.hasPdfPreview\" hidden class=\"wp-block-file__embed\" data=\"https:\/\/www.accs.pt\/accs\/wp-content\/uploads\/2026\/03\/RS2026-ANEXO-I-Mapa_de_Controlos_2026-02-27T18h22m32.pdf\" type=\"application\/pdf\" style=\"width:100%;height:600px\" aria-label=\"Incorpora\u00e7\u00e3o de RS2026 ANEXO I Mapa_de_Controlos_2026-02-27T18h22m32.\"><\/object><a id=\"wp-block-file--media-97262082-8d78-45cb-a50c-083548ec9d3d\" href=\"https:\/\/www.accs.pt\/accs\/wp-content\/uploads\/2026\/03\/RS2026-ANEXO-I-Mapa_de_Controlos_2026-02-27T18h22m32.pdf\">RS2026 ANEXO I Mapa_de_Controlos_2026-02-27T18h22m32<\/a><a href=\"https:\/\/www.accs.pt\/accs\/wp-content\/uploads\/2026\/03\/RS2026-ANEXO-I-Mapa_de_Controlos_2026-02-27T18h22m32.pdf\" class=\"wp-block-file__button wp-element-button\" download aria-describedby=\"wp-block-file--media-97262082-8d78-45cb-a50c-083548ec9d3d\">Descarregar<\/a><\/div>\n\n\n\n<p><\/p>\n\n\n\n<p>Informa\u00e7\u00f5es adicionais e pagamentos:<\/p>\n\n\n\n<div data-wp-interactive=\"core\/file\" class=\"wp-block-file aligncenter\"><object data-wp-bind--hidden=\"!state.hasPdfPreview\" hidden class=\"wp-block-file__embed\" data=\"https:\/\/www.accs.pt\/accs\/wp-content\/uploads\/2026\/03\/RS2026-Informacoes-Adicionais-e-Pagamento_2026-03-11T10h27m50.pdf\" type=\"application\/pdf\" style=\"width:100%;height:600px\" aria-label=\"Incorpora\u00e7\u00e3o de RS2026 - Informac\u0327o\u0303es Adicionais e Pagamento_2026-03-11T10h27m50.\"><\/object><a id=\"wp-block-file--media-d8bdcf4b-48ed-4e4c-ba4f-c88e95040d72\" href=\"https:\/\/www.accs.pt\/accs\/wp-content\/uploads\/2026\/03\/RS2026-Informacoes-Adicionais-e-Pagamento_2026-03-11T10h27m50.pdf\">RS2026 &#8211; Informac\u0327o\u0303es Adicionais e Pagamento_2026-03-11T10h27m50<\/a><a href=\"https:\/\/www.accs.pt\/accs\/wp-content\/uploads\/2026\/03\/RS2026-Informacoes-Adicionais-e-Pagamento_2026-03-11T10h27m50.pdf\" class=\"wp-block-file__button wp-element-button\" download aria-describedby=\"wp-block-file--media-d8bdcf4b-48ed-4e4c-ba4f-c88e95040d72\">Descarregar<\/a><\/div>\n","protected":false},"excerpt":{"rendered":"<div class=\"slide-text-bg2\">\n<h3>Aqui poder\u00e1 encontrar toda a documenta\u00e7\u00e3o oficial da prova que vai para a a estrada nos dias 10 e 11<\/h3>\n<\/div>\n<div class=\"flex-btn-div\"><a href=\"https:\/\/www.accs.pt\/accs\/rali-de-santana-2026\/\" class=\"btn1 flex-btn\">Ler mais<\/a><\/div>\n","protected":false},"author":1,"featured_media":0,"parent":0,"menu_order":0,"comment_status":"closed","ping_status":"closed","template":"","meta":{"footnotes":""},"class_list":["post-1740","page","type-page","status-publish","hentry"],"_links":{"self":[{"href":"https:\/\/www.accs.pt\/accs\/wp-json\/wp\/v2\/pages\/1740","targetHints":{"allow":["GET"]}}],"collection":[{"href":"https:\/\/www.accs.pt\/accs\/wp-json\/wp\/v2\/pages"}],"about":[{"href":"https:\/\/www.accs.pt\/accs\/wp-json\/wp\/v2\/types\/page"}],"author":[{"embeddable":true,"href":"https:\/\/www.accs.pt\/accs\/wp-json\/wp\/v2\/users\/1"}],"replies":[{"embeddable":true,"href":"https:\/\/www.accs.pt\/accs\/wp-json\/wp\/v2\/comments?post=1740"}],"version-history":[{"count":3,"href":"https:\/\/www.accs.pt\/accs\/wp-json\/wp\/v2\/pages\/1740\/revisions"}],"predecessor-version":[{"id":1751,"href":"https:\/\/www.accs.pt\/accs\/wp-json\/wp\/v2\/pages\/1740\/revisions\/1751"}],"wp:attachment":[{"href":"https:\/\/www.accs.pt\/accs\/wp-json\/wp\/v2\/media?parent=1740"}],"curies":[{"name":"wp","href":"https:\/\/api.w.org\/{rel}","templated":true}]}}