{"id":1288,"date":"2023-05-09T19:59:17","date_gmt":"2023-05-09T19:59:17","guid":{"rendered":"http:\/\/www.accs.pt\/accs\/?page_id=1288"},"modified":"2023-05-27T22:03:12","modified_gmt":"2023-05-27T22:03:12","slug":"rali-ribeira-brava-2023","status":"publish","type":"page","link":"https:\/\/www.accs.pt\/accs\/rali-ribeira-brava-2023\/","title":{"rendered":"Rali Ribeira Brava 2023"},"content":{"rendered":"\n<figure class=\"wp-block-image size-large\"><img loading=\"lazy\" decoding=\"async\" width=\"1024\" height=\"198\" src=\"http:\/\/www.accs.pt\/accs\/wp-content\/uploads\/2023\/05\/Cabecalho_raliribeirabrava_2023-1024x198.jpg\" alt=\"\" class=\"wp-image-1290\" srcset=\"https:\/\/www.accs.pt\/accs\/wp-content\/uploads\/2023\/05\/Cabecalho_raliribeirabrava_2023-1024x198.jpg 1024w, https:\/\/www.accs.pt\/accs\/wp-content\/uploads\/2023\/05\/Cabecalho_raliribeirabrava_2023-300x58.jpg 300w, https:\/\/www.accs.pt\/accs\/wp-content\/uploads\/2023\/05\/Cabecalho_raliribeirabrava_2023-768x149.jpg 768w, https:\/\/www.accs.pt\/accs\/wp-content\/uploads\/2023\/05\/Cabecalho_raliribeirabrava_2023-1536x298.jpg 1536w, https:\/\/www.accs.pt\/accs\/wp-content\/uploads\/2023\/05\/Cabecalho_raliribeirabrava_2023.jpg 1600w\" sizes=\"auto, (max-width: 1024px) 100vw, 1024px\" \/><\/figure>\n\n\n\n<p>Aqui poder\u00e1 consultar toda a informa\u00e7\u00e3o relativa \u00e0 prova Rali Ribeira Brava 2023.<\/p>\n\n\n\n<figure class=\"wp-block-image size-large\"><img loading=\"lazy\" decoding=\"async\" width=\"819\" height=\"1024\" src=\"http:\/\/www.accs.pt\/accs\/wp-content\/uploads\/2023\/05\/finalissimo_redes_sociais_RRB2023-819x1024.jpg\" alt=\"\" class=\"wp-image-1346\" srcset=\"https:\/\/www.accs.pt\/accs\/wp-content\/uploads\/2023\/05\/finalissimo_redes_sociais_RRB2023-819x1024.jpg 819w, https:\/\/www.accs.pt\/accs\/wp-content\/uploads\/2023\/05\/finalissimo_redes_sociais_RRB2023-240x300.jpg 240w, https:\/\/www.accs.pt\/accs\/wp-content\/uploads\/2023\/05\/finalissimo_redes_sociais_RRB2023-768x960.jpg 768w, https:\/\/www.accs.pt\/accs\/wp-content\/uploads\/2023\/05\/finalissimo_redes_sociais_RRB2023-1229x1536.jpg 1229w, https:\/\/www.accs.pt\/accs\/wp-content\/uploads\/2023\/05\/finalissimo_redes_sociais_RRB2023.jpg 1280w\" sizes=\"auto, (max-width: 819px) 100vw, 819px\" \/><\/figure>\n\n\n\n<p><\/p>\n\n\n\n<p>Site FPAK:<\/p>\n\n\n\n<p><a href=\"https:\/\/www.fpak.pt\/calendario\/2023-06-02-rali-da-ribeira-brava\">https:\/\/www.fpak.pt\/calendario\/2023-06-02-rali-da-ribeira-brava<\/a><\/p>\n\n\n\n<p><\/p>\n\n\n\n<p>Regulamento Particular da Prova <\/p>\n\n\n\n<div data-wp-interactive=\"core\/file\" class=\"wp-block-file aligncenter\"><object data-wp-bind--hidden=\"!state.hasPdfPreview\" hidden class=\"wp-block-file__embed\" data=\"http:\/\/www.accs.pt\/accs\/wp-content\/uploads\/2023\/05\/Regulamento-RRB2023_2023-05-10T15h41m11.pdf\" type=\"application\/pdf\" style=\"width:100%;height:600px\" aria-label=\"Incorpora\u00e7\u00e3o de Regulamento-RRB2023-aprovado-fpak.\"><\/object><a id=\"wp-block-file--media-aaae3bea-5768-487d-8e9c-0b6f97dc90d1\" href=\"http:\/\/www.accs.pt\/accs\/wp-content\/uploads\/2023\/05\/Regulamento-RRB2023_2023-05-10T15h41m11.pdf\">Regulamento-RRB2023-aprovado-fpak<\/a><a href=\"http:\/\/www.accs.pt\/accs\/wp-content\/uploads\/2023\/05\/Regulamento-RRB2023_2023-05-10T15h41m11.pdf\" class=\"wp-block-file__button wp-element-button\" download aria-describedby=\"wp-block-file--media-aaae3bea-5768-487d-8e9c-0b6f97dc90d1\">Descarregar<\/a><\/div>\n\n\n\n<p>Mapa Controlos<\/p>\n\n\n\n<div data-wp-interactive=\"core\/file\" class=\"wp-block-file aligncenter\"><object data-wp-bind--hidden=\"!state.hasPdfPreview\" hidden class=\"wp-block-file__embed\" data=\"http:\/\/www.accs.pt\/accs\/wp-content\/uploads\/2023\/05\/RRB2023-ANEXO-I-Mapa_de_controlos_2023-05-10T15h41m20.pdf\" type=\"application\/pdf\" style=\"width:100%;height:600px\" aria-label=\"Incorpora\u00e7\u00e3o de RRB2023-ANEXO-I-Mapa_de_controlos_2023-05-10T15h41m20.\"><\/object><a id=\"wp-block-file--media-d296142e-f3c4-4b27-9dcc-a5aafab1c6e5\" href=\"http:\/\/www.accs.pt\/accs\/wp-content\/uploads\/2023\/05\/RRB2023-ANEXO-I-Mapa_de_controlos_2023-05-10T15h41m20.pdf\">RRB2023-ANEXO-I-Mapa_de_controlos_2023-05-10T15h41m20<\/a><a href=\"http:\/\/www.accs.pt\/accs\/wp-content\/uploads\/2023\/05\/RRB2023-ANEXO-I-Mapa_de_controlos_2023-05-10T15h41m20.pdf\" class=\"wp-block-file__button wp-element-button\" download aria-describedby=\"wp-block-file--media-d296142e-f3c4-4b27-9dcc-a5aafab1c6e5\">Descarregar<\/a><\/div>\n\n\n\n<p>Caderno de Itiner\u00e1rio:<\/p>\n\n\n\n<div data-wp-interactive=\"core\/file\" class=\"wp-block-file\"><object data-wp-bind--hidden=\"!state.hasPdfPreview\" hidden class=\"wp-block-file__embed\" data=\"http:\/\/www.accs.pt\/accs\/wp-content\/uploads\/2023\/05\/Caderno-Itenerario-RB2023-1.pdf\" type=\"application\/pdf\" style=\"width:100%;height:600px\" aria-label=\"Incorpora\u00e7\u00e3o de Caderno-Itenerario-RB2023-1.\"><\/object><a id=\"wp-block-file--media-98d4412e-2fd8-4991-a904-e0dff23a7352\" href=\"http:\/\/www.accs.pt\/accs\/wp-content\/uploads\/2023\/05\/Caderno-Itenerario-RB2023-1.pdf\">Caderno-Itenerario-RB2023-1<\/a><a href=\"http:\/\/www.accs.pt\/accs\/wp-content\/uploads\/2023\/05\/Caderno-Itenerario-RB2023-1.pdf\" class=\"wp-block-file__button wp-element-button\" download aria-describedby=\"wp-block-file--media-98d4412e-2fd8-4991-a904-e0dff23a7352\">Descarregar<\/a><\/div>\n\n\n\n<p> Mapa Super Especial V2 substitui o mapa na p\u00e1gina 4<\/p>\n\n\n\n<figure class=\"wp-block-image size-large\"><img loading=\"lazy\" decoding=\"async\" width=\"1024\" height=\"808\" src=\"http:\/\/www.accs.pt\/accs\/wp-content\/uploads\/2023\/05\/IMG-20230528-WA0010-1024x808.jpg\" alt=\"\" class=\"wp-image-1363\" srcset=\"https:\/\/www.accs.pt\/accs\/wp-content\/uploads\/2023\/05\/IMG-20230528-WA0010-1024x808.jpg 1024w, https:\/\/www.accs.pt\/accs\/wp-content\/uploads\/2023\/05\/IMG-20230528-WA0010-300x237.jpg 300w, https:\/\/www.accs.pt\/accs\/wp-content\/uploads\/2023\/05\/IMG-20230528-WA0010-768x606.jpg 768w, https:\/\/www.accs.pt\/accs\/wp-content\/uploads\/2023\/05\/IMG-20230528-WA0010.jpg 1426w\" sizes=\"auto, (max-width: 1024px) 100vw, 1024px\" \/><\/figure>\n\n\n","protected":false},"excerpt":{"rendered":"<div class=\"slide-text-bg2\">\n<h3>Aqui poder\u00e1 consultar toda a informa\u00e7\u00e3o relativa \u00e0 prova Rali Ribeira Brava 2023. Site FPAK: https:\/\/www.fpak.pt\/calendario\/2023-06-02-rali-da-ribeira-brava Regulamento Particular da Prova<\/h3>\n<\/div>\n<div class=\"flex-btn-div\"><a href=\"https:\/\/www.accs.pt\/accs\/rali-ribeira-brava-2023\/\" class=\"btn1 flex-btn\">Ler mais<\/a><\/div>\n","protected":false},"author":1,"featured_media":0,"parent":0,"menu_order":0,"comment_status":"closed","ping_status":"closed","template":"","meta":{"footnotes":""},"class_list":["post-1288","page","type-page","status-publish","hentry"],"_links":{"self":[{"href":"https:\/\/www.accs.pt\/accs\/wp-json\/wp\/v2\/pages\/1288","targetHints":{"allow":["GET"]}}],"collection":[{"href":"https:\/\/www.accs.pt\/accs\/wp-json\/wp\/v2\/pages"}],"about":[{"href":"https:\/\/www.accs.pt\/accs\/wp-json\/wp\/v2\/types\/page"}],"author":[{"embeddable":true,"href":"https:\/\/www.accs.pt\/accs\/wp-json\/wp\/v2\/users\/1"}],"replies":[{"embeddable":true,"href":"https:\/\/www.accs.pt\/accs\/wp-json\/wp\/v2\/comments?post=1288"}],"version-history":[{"count":7,"href":"https:\/\/www.accs.pt\/accs\/wp-json\/wp\/v2\/pages\/1288\/revisions"}],"predecessor-version":[{"id":1365,"href":"https:\/\/www.accs.pt\/accs\/wp-json\/wp\/v2\/pages\/1288\/revisions\/1365"}],"wp:attachment":[{"href":"https:\/\/www.accs.pt\/accs\/wp-json\/wp\/v2\/media?parent=1288"}],"curies":[{"name":"wp","href":"https:\/\/api.w.org\/{rel}","templated":true}]}}